{"id":928,"date":"2022-11-16T08:01:06","date_gmt":"2022-11-16T07:01:06","guid":{"rendered":"https:\/\/www.lecoreparateurdevelo.fr\/?page_id=928"},"modified":"2022-12-12T15:39:39","modified_gmt":"2022-12-12T14:39:39","slug":"boutique-2","status":"publish","type":"page","link":"https:\/\/www.lecoreparateurdevelo.fr\/?page_id=928","title":{"rendered":"Boutique"},"content":{"rendered":"\n<div class=\"wp-block-group\"><div class=\"wp-block-group__inner-container is-layout-constrained wp-block-group-is-layout-constrained\">\n<div class=\"wp-block-group\"><div class=\"wp-block-group__inner-container is-layout-constrained wp-block-group-is-layout-constrained\">\n<p class=\"has-large-font-size\"><strong>V\u00e9los \u00e0 vendre<\/strong><\/p>\n\n\n\n<p>Les v\u00e9los mis en vente sont enti\u00e8rement r\u00e9vis\u00e9s et remis en bon \u00e9tat pour vous garantir le plaisir de rouler !<\/p>\n\n\n<\/div><\/div>\n<\/div><\/div>\n\n\n\n<div class=\"wp-block-group\"><div class=\"wp-block-group__inner-container is-layout-constrained wp-block-group-is-layout-constrained\">\n<p class=\"has-large-font-size\"><strong>Pi\u00e8ces d\u00e9tach\u00e9es<\/strong><\/p>\n\n\n\n<p>Un besoin ponctuel ? Les pi\u00e8ces d\u00e9tach\u00e9es ci-dessous peuvent \u00eatre achet\u00e9es et mont\u00e9es sur place.<\/p>\n\n\n<div data-block-name=\"woocommerce\/product-category\" data-categories=\"[25]\" data-content-visibility=\"{&quot;image&quot;:true,&quot;title&quot;:true,&quot;price&quot;:true,&quot;rating&quot;:false,&quot;button&quot;:false}\" class=\"wc-block-grid wp-block-product-category wp-block-woocommerce-product-category wc-block-product-category has-3-columns has-multiple-rows\"><ul class=\"wc-block-grid__products\"><li class=\"wc-block-grid__product\">\n\t\t\t\t<a href=\"https:\/\/www.lecoreparateurdevelo.fr\/?product=pneus\" class=\"wc-block-grid__product-link\">\n\t\t\t\t\t\n\t\t\t\t\t<div class=\"wc-block-grid__product-image\"><img loading=\"lazy\" decoding=\"async\" width=\"300\" height=\"225\" src=\"https:\/\/www.lecoreparateurdevelo.fr\/wp-content\/uploads\/2023\/12\/IMG_20221207_173720-scaled-300x225.jpg\" class=\"attachment-woocommerce_thumbnail size-woocommerce_thumbnail\" alt=\"PNEUS\" \/><\/div>\n\t\t\t\t\t<div class=\"wc-block-grid__product-title\">PNEUS<\/div>\n\t\t\t\t<\/a>\n\t\t\t\t<div class=\"wc-block-grid__product-price price\"><\/div>\n\t\t\t\t\n\t\t\t\t\n\t\t\t<\/li><li class=\"wc-block-grid__product\">\n\t\t\t\t<a href=\"https:\/\/www.lecoreparateurdevelo.fr\/?product=derailleur-arriere-shimano-alivio-rd-m3100-sgs-9v\" class=\"wc-block-grid__product-link\">\n\t\t\t\t\t\n\t\t\t\t\t<div class=\"wc-block-grid__product-image\"><img loading=\"lazy\" decoding=\"async\" width=\"300\" height=\"225\" src=\"https:\/\/www.lecoreparateurdevelo.fr\/wp-content\/uploads\/2023\/01\/323586868_508107894738356_8121904691721796715_n-300x225.jpg\" class=\"attachment-woocommerce_thumbnail size-woocommerce_thumbnail\" alt=\"D\u00e9railleur Arri\u00e8re Shimano Alivio RD-M3100-SGS 9V\" \/><\/div>\n\t\t\t\t\t<div class=\"wc-block-grid__product-title\">D\u00e9railleur Arri\u00e8re Shimano Alivio RD-M3100-SGS 9V<\/div>\n\t\t\t\t<\/a>\n\t\t\t\t<div class=\"wc-block-grid__product-price price\"><span class=\"woocommerce-Price-amount amount\"><span class=\"woocommerce-Price-currencySymbol\">&euro;<\/span>48,00<\/span><\/div>\n\t\t\t\t\n\t\t\t\t\n\t\t\t<\/li><li class=\"wc-block-grid__product\">\n\t\t\t\t<a href=\"https:\/\/www.lecoreparateurdevelo.fr\/?product=derailleur-arriere-shimano-tourney-rd-ty200-ss-6-7v-2\" class=\"wc-block-grid__product-link\">\n\t\t\t\t\t\n\t\t\t\t\t<div class=\"wc-block-grid__product-image\"><img loading=\"lazy\" decoding=\"async\" width=\"300\" height=\"225\" src=\"https:\/\/www.lecoreparateurdevelo.fr\/wp-content\/uploads\/2023\/01\/326900704_598372145451775_7555170954300877637_n-300x225.jpg\" class=\"attachment-woocommerce_thumbnail size-woocommerce_thumbnail\" alt=\"D\u00e9railleur Arri\u00e8re Shimano Tourney RD-TY200-SS 6\/7V\" \/><\/div>\n\t\t\t\t\t<div class=\"wc-block-grid__product-title\">D\u00e9railleur Arri\u00e8re Shimano Tourney RD-TY200-SS 6\/7V<\/div>\n\t\t\t\t<\/a>\n\t\t\t\t<div class=\"wc-block-grid__product-price price\"><span class=\"woocommerce-Price-amount amount\"><span class=\"woocommerce-Price-currencySymbol\">&euro;<\/span>25,00<\/span><\/div>\n\t\t\t\t\n\t\t\t\t\n\t\t\t<\/li><li class=\"wc-block-grid__product\">\n\t\t\t\t<a href=\"https:\/\/www.lecoreparateurdevelo.fr\/?product=derailleur-arriere-shimano-tourney-rd-ty200-ss-6-7v\" class=\"wc-block-grid__product-link\">\n\t\t\t\t\t\n\t\t\t\t\t<div class=\"wc-block-grid__product-image\"><img loading=\"lazy\" decoding=\"async\" width=\"300\" height=\"225\" src=\"https:\/\/www.lecoreparateurdevelo.fr\/wp-content\/uploads\/2023\/01\/324477332_1243573713244302_6390539350559906094_n-300x225.jpg\" class=\"attachment-woocommerce_thumbnail size-woocommerce_thumbnail\" alt=\"SHIMANO D\u00e9railleur arri\u00e8re ACERA M360 7\/8v Noir Chape Longue SGS\" \/><\/div>\n\t\t\t\t\t<div class=\"wc-block-grid__product-title\">SHIMANO D\u00e9railleur arri\u00e8re ACERA M360 7\/8v Noir Chape Longue SGS<\/div>\n\t\t\t\t<\/a>\n\t\t\t\t<div class=\"wc-block-grid__product-price price\"><span class=\"woocommerce-Price-amount amount\"><span class=\"woocommerce-Price-currencySymbol\">&euro;<\/span>27,00<\/span><\/div>\n\t\t\t\t\n\t\t\t\t\n\t\t\t<\/li><li class=\"wc-block-grid__product\">\n\t\t\t\t<a href=\"https:\/\/www.lecoreparateurdevelo.fr\/?product=disque-de-frein-tektro-tr-24-6-trous-160-mm\" class=\"wc-block-grid__product-link\">\n\t\t\t\t\t\n\t\t\t\t\t<div class=\"wc-block-grid__product-image\"><img loading=\"lazy\" decoding=\"async\" width=\"300\" height=\"225\" src=\"https:\/\/www.lecoreparateurdevelo.fr\/wp-content\/uploads\/2023\/01\/325210289_2435420979938979_8377471368055913801_n-300x225.jpg\" class=\"attachment-woocommerce_thumbnail size-woocommerce_thumbnail\" alt=\"Disque de Frein Tektro TR-24 6 Trous 160 mm\" srcset=\"https:\/\/www.lecoreparateurdevelo.fr\/wp-content\/uploads\/2023\/01\/325210289_2435420979938979_8377471368055913801_n-300x225.jpg 300w, https:\/\/www.lecoreparateurdevelo.fr\/wp-content\/uploads\/2023\/01\/325210289_2435420979938979_8377471368055913801_n-600x451.jpg 600w, https:\/\/www.lecoreparateurdevelo.fr\/wp-content\/uploads\/2023\/01\/325210289_2435420979938979_8377471368055913801_n-1024x769.jpg 1024w, https:\/\/www.lecoreparateurdevelo.fr\/wp-content\/uploads\/2023\/01\/325210289_2435420979938979_8377471368055913801_n-768x577.jpg 768w, https:\/\/www.lecoreparateurdevelo.fr\/wp-content\/uploads\/2023\/01\/325210289_2435420979938979_8377471368055913801_n-1536x1154.jpg 1536w, https:\/\/www.lecoreparateurdevelo.fr\/wp-content\/uploads\/2023\/01\/325210289_2435420979938979_8377471368055913801_n.jpg 2048w\" sizes=\"auto, (max-width: 300px) 100vw, 300px\" \/><\/div>\n\t\t\t\t\t<div class=\"wc-block-grid__product-title\">Disque de Frein Tektro TR-24 6 Trous 160 mm<\/div>\n\t\t\t\t<\/a>\n\t\t\t\t<div class=\"wc-block-grid__product-price price\"><span class=\"woocommerce-Price-amount amount\"><span class=\"woocommerce-Price-currencySymbol\">&euro;<\/span>25,00<\/span><\/div>\n\t\t\t\t\n\t\t\t\t\n\t\t\t<\/li><li class=\"wc-block-grid__product\">\n\t\t\t\t<a href=\"https:\/\/www.lecoreparateurdevelo.fr\/?product=ensemble-frein-vtt-clarks\" class=\"wc-block-grid__product-link\">\n\t\t\t\t\t\n\t\t\t\t\t<div class=\"wc-block-grid__product-image\"><img loading=\"lazy\" decoding=\"async\" width=\"300\" height=\"225\" src=\"https:\/\/www.lecoreparateurdevelo.fr\/wp-content\/uploads\/2023\/01\/324468430_890269385423824_6000580948438806737_n-300x225.jpg\" class=\"attachment-woocommerce_thumbnail size-woocommerce_thumbnail\" alt=\"Kit de freins complet - Avant \/ Arri\u00e8re - VTT Clarks\" srcset=\"https:\/\/www.lecoreparateurdevelo.fr\/wp-content\/uploads\/2023\/01\/324468430_890269385423824_6000580948438806737_n-300x224.jpg 300w, https:\/\/www.lecoreparateurdevelo.fr\/wp-content\/uploads\/2023\/01\/324468430_890269385423824_6000580948438806737_n-600x449.jpg 600w, https:\/\/www.lecoreparateurdevelo.fr\/wp-content\/uploads\/2023\/01\/324468430_890269385423824_6000580948438806737_n-1024x766.jpg 1024w, https:\/\/www.lecoreparateurdevelo.fr\/wp-content\/uploads\/2023\/01\/324468430_890269385423824_6000580948438806737_n-768x575.jpg 768w, https:\/\/www.lecoreparateurdevelo.fr\/wp-content\/uploads\/2023\/01\/324468430_890269385423824_6000580948438806737_n-1536x1149.jpg 1536w, https:\/\/www.lecoreparateurdevelo.fr\/wp-content\/uploads\/2023\/01\/324468430_890269385423824_6000580948438806737_n.jpg 2048w\" sizes=\"auto, (max-width: 300px) 100vw, 300px\" \/><\/div>\n\t\t\t\t\t<div class=\"wc-block-grid__product-title\">Kit de freins complet &#8211; Avant \/ Arri\u00e8re &#8211; VTT Clarks<\/div>\n\t\t\t\t<\/a>\n\t\t\t\t<div class=\"wc-block-grid__product-price price\"><span class=\"woocommerce-Price-amount amount\"><span class=\"woocommerce-Price-currencySymbol\">&euro;<\/span>24,00<\/span><\/div>\n\t\t\t\t\n\t\t\t\t\n\t\t\t<\/li><li class=\"wc-block-grid__product\">\n\t\t\t\t<a href=\"https:\/\/www.lecoreparateurdevelo.fr\/?product=paire-de-leviers-frein-12-16\" class=\"wc-block-grid__product-link\">\n\t\t\t\t\t\n\t\t\t\t\t<div class=\"wc-block-grid__product-image\"><img loading=\"lazy\" decoding=\"async\" width=\"300\" height=\"225\" src=\"https:\/\/www.lecoreparateurdevelo.fr\/wp-content\/uploads\/2023\/01\/326127735_1825252661180069_6259358211215685771_n-300x225.jpg\" class=\"attachment-woocommerce_thumbnail size-woocommerce_thumbnail\" alt=\"Paire de leviers de frein 12\/16&quot; - Noir\" srcset=\"https:\/\/www.lecoreparateurdevelo.fr\/wp-content\/uploads\/2023\/01\/326127735_1825252661180069_6259358211215685771_n-300x224.jpg 300w, https:\/\/www.lecoreparateurdevelo.fr\/wp-content\/uploads\/2023\/01\/326127735_1825252661180069_6259358211215685771_n-600x449.jpg 600w, https:\/\/www.lecoreparateurdevelo.fr\/wp-content\/uploads\/2023\/01\/326127735_1825252661180069_6259358211215685771_n-1024x766.jpg 1024w, https:\/\/www.lecoreparateurdevelo.fr\/wp-content\/uploads\/2023\/01\/326127735_1825252661180069_6259358211215685771_n-768x575.jpg 768w, https:\/\/www.lecoreparateurdevelo.fr\/wp-content\/uploads\/2023\/01\/326127735_1825252661180069_6259358211215685771_n-1536x1149.jpg 1536w, https:\/\/www.lecoreparateurdevelo.fr\/wp-content\/uploads\/2023\/01\/326127735_1825252661180069_6259358211215685771_n.jpg 2048w\" sizes=\"auto, (max-width: 300px) 100vw, 300px\" \/><\/div>\n\t\t\t\t\t<div class=\"wc-block-grid__product-title\">Paire de leviers de frein 12\/16&Prime; &#8211; Noir<\/div>\n\t\t\t\t<\/a>\n\t\t\t\t<div class=\"wc-block-grid__product-price price\"><span class=\"woocommerce-Price-amount amount\"><span class=\"woocommerce-Price-currencySymbol\">&euro;<\/span>11,00<\/span><\/div>\n\t\t\t\t\n\t\t\t\t\n\t\t\t<\/li><li class=\"wc-block-grid__product\">\n\t\t\t\t<a href=\"https:\/\/www.lecoreparateurdevelo.fr\/?product=paire-de-leviers-de-freins-3\" class=\"wc-block-grid__product-link\">\n\t\t\t\t\t\n\t\t\t\t\t<div class=\"wc-block-grid__product-image\"><img loading=\"lazy\" decoding=\"async\" width=\"300\" height=\"225\" src=\"https:\/\/www.lecoreparateurdevelo.fr\/wp-content\/uploads\/2023\/01\/324616290_938186690507757_761598243811146684_n-300x225.jpg\" class=\"attachment-woocommerce_thumbnail size-woocommerce_thumbnail\" alt=\"Paire de leviers de frein - Acier\" srcset=\"https:\/\/www.lecoreparateurdevelo.fr\/wp-content\/uploads\/2023\/01\/324616290_938186690507757_761598243811146684_n-300x224.jpg 300w, https:\/\/www.lecoreparateurdevelo.fr\/wp-content\/uploads\/2023\/01\/324616290_938186690507757_761598243811146684_n-600x449.jpg 600w, https:\/\/www.lecoreparateurdevelo.fr\/wp-content\/uploads\/2023\/01\/324616290_938186690507757_761598243811146684_n-1024x766.jpg 1024w, https:\/\/www.lecoreparateurdevelo.fr\/wp-content\/uploads\/2023\/01\/324616290_938186690507757_761598243811146684_n-768x575.jpg 768w, https:\/\/www.lecoreparateurdevelo.fr\/wp-content\/uploads\/2023\/01\/324616290_938186690507757_761598243811146684_n-1536x1149.jpg 1536w, https:\/\/www.lecoreparateurdevelo.fr\/wp-content\/uploads\/2023\/01\/324616290_938186690507757_761598243811146684_n.jpg 2048w\" sizes=\"auto, (max-width: 300px) 100vw, 300px\" \/><\/div>\n\t\t\t\t\t<div class=\"wc-block-grid__product-title\">Paire de leviers de frein &#8211; Acier<\/div>\n\t\t\t\t<\/a>\n\t\t\t\t<div class=\"wc-block-grid__product-price price\"><span class=\"woocommerce-Price-amount amount\"><span class=\"woocommerce-Price-currencySymbol\">&euro;<\/span>12,00<\/span><\/div>\n\t\t\t\t\n\t\t\t\t\n\t\t\t<\/li><li class=\"wc-block-grid__product\">\n\t\t\t\t<a href=\"https:\/\/www.lecoreparateurdevelo.fr\/?product=paire-de-leviers-de-freins-2\" class=\"wc-block-grid__product-link\">\n\t\t\t\t\t\n\t\t\t\t\t<div class=\"wc-block-grid__product-image\"><img loading=\"lazy\" decoding=\"async\" width=\"300\" height=\"225\" src=\"https:\/\/www.lecoreparateurdevelo.fr\/wp-content\/uploads\/2023\/01\/324319427_2366681760162649_2079220025920398372_n-300x225.jpg\" class=\"attachment-woocommerce_thumbnail size-woocommerce_thumbnail\" alt=\"Paire de leviers de frein \u2013 Aluminium - Type Weinmann\" srcset=\"https:\/\/www.lecoreparateurdevelo.fr\/wp-content\/uploads\/2023\/01\/324319427_2366681760162649_2079220025920398372_n-300x224.jpg 300w, https:\/\/www.lecoreparateurdevelo.fr\/wp-content\/uploads\/2023\/01\/324319427_2366681760162649_2079220025920398372_n-600x449.jpg 600w, https:\/\/www.lecoreparateurdevelo.fr\/wp-content\/uploads\/2023\/01\/324319427_2366681760162649_2079220025920398372_n-1024x766.jpg 1024w, https:\/\/www.lecoreparateurdevelo.fr\/wp-content\/uploads\/2023\/01\/324319427_2366681760162649_2079220025920398372_n-768x575.jpg 768w, https:\/\/www.lecoreparateurdevelo.fr\/wp-content\/uploads\/2023\/01\/324319427_2366681760162649_2079220025920398372_n-1536x1149.jpg 1536w, https:\/\/www.lecoreparateurdevelo.fr\/wp-content\/uploads\/2023\/01\/324319427_2366681760162649_2079220025920398372_n.jpg 2048w\" sizes=\"auto, (max-width: 300px) 100vw, 300px\" \/><\/div>\n\t\t\t\t\t<div class=\"wc-block-grid__product-title\">Paire de leviers de frein \u2013 Aluminium &#8211; Type Weinmann<\/div>\n\t\t\t\t<\/a>\n\t\t\t\t<div class=\"wc-block-grid__product-price price\"><span class=\"woocommerce-Price-amount amount\"><span class=\"woocommerce-Price-currencySymbol\">&euro;<\/span>20,00<\/span><\/div>\n\t\t\t\t\n\t\t\t\t\n\t\t\t<\/li><\/ul><\/div><\/div><\/div>\n","protected":false},"excerpt":{"rendered":"<p>Pi\u00e8ces d\u00e9tach\u00e9es Un besoin ponctuel ? Les pi\u00e8ces d\u00e9tach\u00e9es ci-dessous peuvent \u00eatre achet\u00e9es et mont\u00e9es sur place.<\/p>\n","protected":false},"author":1,"featured_media":0,"parent":0,"menu_order":0,"comment_status":"closed","ping_status":"closed","template":"","meta":{"neve_meta_sidebar":"","neve_meta_container":"","neve_meta_enable_content_width":"","neve_meta_content_width":0,"neve_meta_title_alignment":"","neve_meta_author_avatar":"","neve_post_elements_order":"","neve_meta_disable_header":"","neve_meta_disable_footer":"","neve_meta_disable_title":"","footnotes":""},"class_list":["post-928","page","type-page","status-publish","hentry"],"_links":{"self":[{"href":"https:\/\/www.lecoreparateurdevelo.fr\/index.php?rest_route=\/wp\/v2\/pages\/928","targetHints":{"allow":["GET"]}}],"collection":[{"href":"https:\/\/www.lecoreparateurdevelo.fr\/index.php?rest_route=\/wp\/v2\/pages"}],"about":[{"href":"https:\/\/www.lecoreparateurdevelo.fr\/index.php?rest_route=\/wp\/v2\/types\/page"}],"author":[{"embeddable":true,"href":"https:\/\/www.lecoreparateurdevelo.fr\/index.php?rest_route=\/wp\/v2\/users\/1"}],"replies":[{"embeddable":true,"href":"https:\/\/www.lecoreparateurdevelo.fr\/index.php?rest_route=%2Fwp%2Fv2%2Fcomments&post=928"}],"version-history":[{"count":8,"href":"https:\/\/www.lecoreparateurdevelo.fr\/index.php?rest_route=\/wp\/v2\/pages\/928\/revisions"}],"predecessor-version":[{"id":1037,"href":"https:\/\/www.lecoreparateurdevelo.fr\/index.php?rest_route=\/wp\/v2\/pages\/928\/revisions\/1037"}],"wp:attachment":[{"href":"https:\/\/www.lecoreparateurdevelo.fr\/index.php?rest_route=%2Fwp%2Fv2%2Fmedia&parent=928"}],"curies":[{"name":"wp","href":"https:\/\/api.w.org\/{rel}","templated":true}]}}